{"id":9764,"date":"2026-03-11T10:26:46","date_gmt":"2026-03-11T09:26:46","guid":{"rendered":"https:\/\/abogados-penalistas-granda.com\/?page_id=9764"},"modified":"2026-03-16T09:40:35","modified_gmt":"2026-03-16T08:40:35","slug":"avocat-penaliste-pour-residents-europeens","status":"publish","type":"page","link":"https:\/\/abogados-penalistas-granda.com\/fr\/avocat-penaliste-pour-residents-europeens\/","title":{"rendered":"Avocat p\u00e9naliste pour r\u00e9sidents europ\u00e9ens"},"content":{"rendered":"\t\t<div data-elementor-type=\"wp-page\" data-elementor-id=\"9764\" class=\"elementor elementor-9764 elementor-9442\">\n\t\t\t\t\t\t<div class=\"elementor-inner\">\n\t\t\t\t<div class=\"elementor-section-wrap\">\n\t\t\t\t\t\t\t\t\t<section class=\"elementor-section elementor-top-section elementor-element elementor-element-c9eb568 elementor-section-stretched elementor-section-content-middle elementor-section-full_width elementor-section-height-default elementor-section-height-default\" data-id=\"c9eb568\" data-element_type=\"section\" data-settings=\"{&quot;stretch_section&quot;:&quot;section-stretched&quot;,&quot;background_background&quot;:&quot;classic&quot;}\">\n\t\t\t\t\t\t\t<div class=\"elementor-background-overlay\"><\/div>\n\t\t\t\t\t\t\t<div class=\"elementor-container elementor-column-gap-default\">\n\t\t\t\t\t\t\t<div class=\"elementor-row\">\n\t\t\t\t\t<div class=\"elementor-column elementor-col-50 elementor-top-column elementor-element elementor-element-6016f61\" data-id=\"6016f61\" data-element_type=\"column\" data-settings=\"{&quot;background_background&quot;:&quot;classic&quot;}\">\n\t\t\t<div class=\"elementor-column-wrap elementor-element-populated\">\n\t\t\t\t\t\t\t<div class=\"elementor-widget-wrap\">\n\t\t\t\t\t\t<div class=\"elementor-element elementor-element-ad227a0 elementor-widget elementor-widget-image\" data-id=\"ad227a0\" data-element_type=\"widget\" data-widget_type=\"image.default\">\n\t\t\t\t<div class=\"elementor-widget-container\">\n\t\t\t\t\t\t\t\t<div class=\"elementor-image\">\n\t\t\t\t\t\t\t\t\t\t\t\t<img loading=\"lazy\" decoding=\"async\" width=\"1024\" height=\"660\" src=\"https:\/\/abogados-penalistas-granda.com\/wp-content\/uploads\/2025\/10\/europa-abogado-penalista-1024x660.webp\" class=\"attachment-large size-large wp-image-9462\" alt=\"europa abogado penalista\" srcset=\"https:\/\/abogados-penalistas-granda.com\/wp-content\/uploads\/2025\/10\/europa-abogado-penalista-1024x660.webp 1024w, https:\/\/abogados-penalistas-granda.com\/wp-content\/uploads\/2025\/10\/europa-abogado-penalista-300x193.webp 300w, https:\/\/abogados-penalistas-granda.com\/wp-content\/uploads\/2025\/10\/europa-abogado-penalista-768x495.webp 768w, https:\/\/abogados-penalistas-granda.com\/wp-content\/uploads\/2025\/10\/europa-abogado-penalista-1536x990.webp 1536w, https:\/\/abogados-penalistas-granda.com\/wp-content\/uploads\/2025\/10\/europa-abogado-penalista-100x64.webp 100w, https:\/\/abogados-penalistas-granda.com\/wp-content\/uploads\/2025\/10\/europa-abogado-penalista-600x387.webp 600w, https:\/\/abogados-penalistas-granda.com\/wp-content\/uploads\/2025\/10\/europa-abogado-penalista.webp 1599w\" sizes=\"auto, (max-width: 1024px) 100vw, 1024px\" \/>\t\t\t\t\t\t\t\t\t\t\t\t\t\t<\/div>\n\t\t\t\t\t\t<\/div>\n\t\t\t\t<\/div>\n\t\t\t\t\t\t<\/div>\n\t\t\t\t\t<\/div>\n\t\t<\/div>\n\t\t\t\t<div class=\"elementor-column elementor-col-50 elementor-top-column elementor-element elementor-element-9c748ea\" data-id=\"9c748ea\" data-element_type=\"column\">\n\t\t\t<div class=\"elementor-column-wrap elementor-element-populated\">\n\t\t\t\t\t\t\t<div class=\"elementor-widget-wrap\">\n\t\t\t\t\t\t<div class=\"elementor-element elementor-element-1db55e5 elementor-widget elementor-widget-heading\" data-id=\"1db55e5\" data-element_type=\"widget\" data-widget_type=\"heading.default\">\n\t\t\t\t<div class=\"elementor-widget-container\">\n\t\t\t<h1 class=\"elementor-heading-title elementor-size-default\">D\u00e9fense p\u00e9nale en espagne pour r\u00e9sidents <b style=\"color:#B60A32\">en Europe<\/b><\/h1>\t\t<\/div>\n\t\t\t\t<\/div>\n\t\t\t\t<div class=\"elementor-element elementor-element-c9e22a9 elementor-widget-divider--view-line elementor-widget elementor-widget-divider\" data-id=\"c9e22a9\" data-element_type=\"widget\" data-widget_type=\"divider.default\">\n\t\t\t\t<div class=\"elementor-widget-container\">\n\t\t\t\t\t<div class=\"elementor-divider\">\n\t\t\t<span class=\"elementor-divider-separator\">\n\t\t\t\t\t\t<\/span>\n\t\t<\/div>\n\t\t\t\t<\/div>\n\t\t\t\t<\/div>\n\t\t\t\t<div class=\"elementor-element elementor-element-628de76 elementor-widget elementor-widget-text-editor\" data-id=\"628de76\" data-element_type=\"widget\" data-widget_type=\"text-editor.default\">\n\t\t\t\t<div class=\"elementor-widget-container\">\n\t\t\t\t\t\t\t\t<div class=\"elementor-text-editor elementor-clearfix\">\n\t\t\t\t<p>Si vous \u00eates un citoyen de l\u2019Union europ\u00e9enne faisant l\u2019objet d\u2019une enqu\u00eate ou de poursuites en Espagne, vous avez besoin d\u2019avocats p\u00e9nalistes exp\u00e9riment\u00e9s qui comprennent \u00e0 la fois <b>les syst\u00e8mes judiciaires espagnol et europ\u00e9en<\/b>.<\/p>\n<p>Chez <strong>Granda Abogados<\/strong>, nous offrons une d\u00e9fense p\u00e9nale technique et strat\u00e9gique \u00e0 des clients de toute l\u2019Europe \u2014 y compris des ressortissants <b>italiens, britanniques, belges, allemands et d\u2019autres pays de l\u2019UE<\/b> \u2014 poursuivis ou faisant l\u2019objet d\u2019une enqu\u00eate en Espagne.<\/p>\n<p>Avec <b>plus de trois d\u00e9cennies d\u2019exp\u00e9rience<\/b>, notre \u00e9quipe garantit une d\u00e9fense professionnelle, discr\u00e8te et efficace devant les tribunaux espagnols, en collaboration avec nos cabinets partenaires de confiance en Europe.<\/p>\t\t\t\t\t<\/div>\n\t\t\t\t\t\t<\/div>\n\t\t\t\t<\/div>\n\t\t\t\t\t\t<\/div>\n\t\t\t\t\t<\/div>\n\t\t<\/div>\n\t\t\t\t\t\t\t\t<\/div>\n\t\t\t\t\t<\/div>\n\t\t<\/section>\n\t\t\t\t<section class=\"elementor-section elementor-top-section elementor-element elementor-element-a8e2919 elementor-section-stretched elementor-section-content-middle elementor-section-boxed elementor-section-height-default elementor-section-height-default\" data-id=\"a8e2919\" data-element_type=\"section\" data-settings=\"{&quot;stretch_section&quot;:&quot;section-stretched&quot;}\">\n\t\t\t\t\t\t<div class=\"elementor-container elementor-column-gap-default\">\n\t\t\t\t\t\t\t<div class=\"elementor-row\">\n\t\t\t\t\t<div class=\"elementor-column elementor-col-50 elementor-top-column elementor-element elementor-element-de10f08\" data-id=\"de10f08\" data-element_type=\"column\">\n\t\t\t<div class=\"elementor-column-wrap elementor-element-populated\">\n\t\t\t\t\t\t\t<div class=\"elementor-widget-wrap\">\n\t\t\t\t\t\t<div class=\"elementor-element elementor-element-7d9a141 elementor-widget elementor-widget-heading\" data-id=\"7d9a141\" data-element_type=\"widget\" data-widget_type=\"heading.default\">\n\t\t\t\t<div class=\"elementor-widget-container\">\n\t\t\t<h2 class=\"elementor-heading-title elementor-size-default\">Assistance p\u00e9nale en Espagne pour citoyens europ\u00e9ens<\/h2>\t\t<\/div>\n\t\t\t\t<\/div>\n\t\t\t\t<div class=\"elementor-element elementor-element-ed1b6e9 elementor-widget elementor-widget-text-editor\" data-id=\"ed1b6e9\" data-element_type=\"widget\" data-widget_type=\"text-editor.default\">\n\t\t\t\t<div class=\"elementor-widget-container\">\n\t\t\t\t\t\t\t\t<div class=\"elementor-text-editor elementor-clearfix\">\n\t\t\t\t<div><p>Nous offrons une d\u00e9fense p\u00e9nale technique dans :<\/p><\/div><div>\u2022 Une <b>d\u00e9fense p\u00e9nale sp\u00e9cialis\u00e9e<\/b> pour les citoyens espagnols r\u00e9sidant \u00e0 l\u2019\u00e9tranger ou pour tout ressortissant europ\u00e9en.<br \/>\u2022 <b>Coordination de la d\u00e9fense<\/b> avec les avocats correspondants et partenaires locaux de chaque pays.<br \/>\u2022 <b>Repr\u00e9sentation <\/b>devant les juridictions p\u00e9nales nationales et internationales par nos avocats collaborateurs.<br \/>\u2022 <b>Assistance <\/b>dans les proc\u00e9dures d\u2019extradition, de mandat d\u2019arr\u00eat europ\u00e9en ou de coop\u00e9ration judiciaire internationale.<br \/>\u2022 <b>Analyse p\u00e9nale approfondie<\/b> des situations et \u00e9laboration de strat\u00e9gies de d\u00e9fense technique.<\/div>\t\t\t\t\t<\/div>\n\t\t\t\t\t\t<\/div>\n\t\t\t\t<\/div>\n\t\t\t\t\t\t<\/div>\n\t\t\t\t\t<\/div>\n\t\t<\/div>\n\t\t\t\t<div class=\"elementor-column elementor-col-50 elementor-top-column elementor-element elementor-element-cc66f6b\" data-id=\"cc66f6b\" data-element_type=\"column\">\n\t\t\t<div class=\"elementor-column-wrap elementor-element-populated\">\n\t\t\t\t\t\t\t<div class=\"elementor-widget-wrap\">\n\t\t\t\t\t\t<div class=\"elementor-element elementor-element-f7dd63a elementor-widget elementor-widget-image\" data-id=\"f7dd63a\" data-element_type=\"widget\" data-widget_type=\"image.default\">\n\t\t\t\t<div class=\"elementor-widget-container\">\n\t\t\t\t\t\t\t\t<div class=\"elementor-image\">\n\t\t\t\t\t\t\t\t\t\t\t\t<img loading=\"lazy\" decoding=\"async\" width=\"768\" height=\"1024\" src=\"https:\/\/abogados-penalistas-granda.com\/wp-content\/uploads\/2025\/10\/abogado-penallista-en-europa-768x1024.jpeg\" class=\"attachment-large size-large wp-image-9457\" alt=\"abogado penallista en europa\" srcset=\"https:\/\/abogados-penalistas-granda.com\/wp-content\/uploads\/2025\/10\/abogado-penallista-en-europa-768x1023.jpeg 768w, https:\/\/abogados-penalistas-granda.com\/wp-content\/uploads\/2025\/10\/abogado-penallista-en-europa-225x300.jpeg 225w, https:\/\/abogados-penalistas-granda.com\/wp-content\/uploads\/2025\/10\/abogado-penallista-en-europa-1153x1536.jpeg 1153w, https:\/\/abogados-penalistas-granda.com\/wp-content\/uploads\/2025\/10\/abogado-penallista-en-europa-75x100.jpeg 75w, https:\/\/abogados-penalistas-granda.com\/wp-content\/uploads\/2025\/10\/abogado-penallista-en-europa-600x800.jpeg 600w, https:\/\/abogados-penalistas-granda.com\/wp-content\/uploads\/2025\/10\/abogado-penallista-en-europa.jpeg 1200w\" sizes=\"auto, (max-width: 768px) 100vw, 768px\" \/>\t\t\t\t\t\t\t\t\t\t\t\t\t\t<\/div>\n\t\t\t\t\t\t<\/div>\n\t\t\t\t<\/div>\n\t\t\t\t\t\t<\/div>\n\t\t\t\t\t<\/div>\n\t\t<\/div>\n\t\t\t\t\t\t\t\t<\/div>\n\t\t\t\t\t<\/div>\n\t\t<\/section>\n\t\t\t\t<section class=\"elementor-section elementor-top-section elementor-element elementor-element-9150740 elementor-section-stretched elementor-section-content-top elementor-section-boxed elementor-section-height-default elementor-section-height-default\" data-id=\"9150740\" data-element_type=\"section\" data-settings=\"{&quot;stretch_section&quot;:&quot;section-stretched&quot;}\">\n\t\t\t\t\t\t<div class=\"elementor-container elementor-column-gap-default\">\n\t\t\t\t\t\t\t<div class=\"elementor-row\">\n\t\t\t\t\t<div class=\"elementor-column elementor-col-50 elementor-top-column elementor-element elementor-element-56b1d39\" data-id=\"56b1d39\" data-element_type=\"column\">\n\t\t\t<div class=\"elementor-column-wrap elementor-element-populated\">\n\t\t\t\t\t\t\t<div class=\"elementor-widget-wrap\">\n\t\t\t\t\t\t<div class=\"elementor-element elementor-element-166e2fa elementor-widget elementor-widget-heading\" data-id=\"166e2fa\" data-element_type=\"widget\" data-widget_type=\"heading.default\">\n\t\t\t\t<div class=\"elementor-widget-container\">\n\t\t\t<h2 class=\"elementor-heading-title elementor-size-default\">Infractions les plus fr\u00e9quentes en Espagne impliquant des citoyens europ\u00e9ens<\/h2>\t\t<\/div>\n\t\t\t\t<\/div>\n\t\t\t\t<section class=\"elementor-section elementor-inner-section elementor-element elementor-element-7f257a7 elementor-section-height-min-height elementor-section-boxed elementor-section-height-default\" data-id=\"7f257a7\" data-element_type=\"section\">\n\t\t\t\t\t\t<div class=\"elementor-container elementor-column-gap-default\">\n\t\t\t\t\t\t\t<div class=\"elementor-row\">\n\t\t\t\t\t<div class=\"elementor-column elementor-col-100 elementor-inner-column elementor-element elementor-element-51b75a7\" data-id=\"51b75a7\" data-element_type=\"column\" data-settings=\"{&quot;background_background&quot;:&quot;classic&quot;}\">\n\t\t\t<div class=\"elementor-column-wrap\">\n\t\t\t\t\t\t\t<div class=\"elementor-widget-wrap\">\n\t\t\t\t\t\t\t\t<\/div>\n\t\t\t\t\t<\/div>\n\t\t<\/div>\n\t\t\t\t\t\t\t\t<\/div>\n\t\t\t\t\t<\/div>\n\t\t<\/section>\n\t\t\t\t\t\t<\/div>\n\t\t\t\t\t<\/div>\n\t\t<\/div>\n\t\t\t\t<div class=\"elementor-column elementor-col-50 elementor-top-column elementor-element elementor-element-d21995f\" data-id=\"d21995f\" data-element_type=\"column\">\n\t\t\t<div class=\"elementor-column-wrap elementor-element-populated\">\n\t\t\t\t\t\t\t<div class=\"elementor-widget-wrap\">\n\t\t\t\t\t\t<div class=\"elementor-element elementor-element-f378993 elementor-widget elementor-widget-heading\" data-id=\"f378993\" data-element_type=\"widget\" data-widget_type=\"heading.default\">\n\t\t\t\t<div class=\"elementor-widget-container\">\n\t\t\t<h3 class=\"elementor-heading-title elementor-size-default\">Infractions d\u2019agression sexuelle<\/h3>\t\t<\/div>\n\t\t\t\t<\/div>\n\t\t\t\t<div class=\"elementor-element elementor-element-8fcce59 elementor-widget elementor-widget-text-editor\" data-id=\"8fcce59\" data-element_type=\"widget\" data-widget_type=\"text-editor.default\">\n\t\t\t\t<div class=\"elementor-widget-container\">\n\t\t\t\t\t\t\t\t<div class=\"elementor-text-editor elementor-clearfix\">\n\t\t\t\t<p>Nous sommes des avocats p\u00e9nalistes sp\u00e9cialis\u00e9s dans les infractions d\u2019agression sexuelle, avec une solide exp\u00e9rience dans la d\u00e9fense de citoyens europ\u00e9ens accus\u00e9s ou mis en examen en Espagne.<br \/>Notre intervention combine discr\u00e9tion, technique juridique avanc\u00e9e et plein respect des garanties proc\u00e9durales.<\/p>\t\t\t\t\t<\/div>\n\t\t\t\t\t\t<\/div>\n\t\t\t\t<\/div>\n\t\t\t\t<div class=\"elementor-element elementor-element-c28cc97 elementor-widget elementor-widget-heading\" data-id=\"c28cc97\" data-element_type=\"widget\" data-widget_type=\"heading.default\">\n\t\t\t\t<div class=\"elementor-widget-container\">\n\t\t\t<h3 class=\"elementor-heading-title elementor-size-default\">Infractions \u00e9conomiques et fiscales<\/h3>\t\t<\/div>\n\t\t\t\t<\/div>\n\t\t\t\t<div class=\"elementor-element elementor-element-2dde4ec elementor-widget elementor-widget-text-editor\" data-id=\"2dde4ec\" data-element_type=\"widget\" data-widget_type=\"text-editor.default\">\n\t\t\t\t<div class=\"elementor-widget-container\">\n\t\t\t\t\t\t\t\t<div class=\"elementor-text-editor elementor-clearfix\">\n\t\t\t\t<p>Blanchiment de capitaux, escroquerie, appropriation indue.<br \/>Fraude fiscale ou litiges d\u00e9coulant de la r\u00e9sidence et de la fiscalit\u00e9 en Espagne.<br \/>Op\u00e9rations transnationales d\u2019entreprise ou ayant un impact soci\u00e9tal.<\/p>\t\t\t\t\t<\/div>\n\t\t\t\t\t\t<\/div>\n\t\t\t\t<\/div>\n\t\t\t\t<div class=\"elementor-element elementor-element-6e02f10 elementor-widget elementor-widget-heading\" data-id=\"6e02f10\" data-element_type=\"widget\" data-widget_type=\"heading.default\">\n\t\t\t\t<div class=\"elementor-widget-container\">\n\t\t\t<h3 class=\"elementor-heading-title elementor-size-default\">Infractions de violence ou d\u00e9sordres publics<\/h3>\t\t<\/div>\n\t\t\t\t<\/div>\n\t\t\t\t<div class=\"elementor-element elementor-element-51f1482 elementor-widget elementor-widget-text-editor\" data-id=\"51f1482\" data-element_type=\"widget\" data-widget_type=\"text-editor.default\">\n\t\t\t\t<div class=\"elementor-widget-container\">\n\t\t\t\t\t\t\t\t<div class=\"elementor-text-editor elementor-clearfix\">\n\t\t\t\t<p>Blessures, rixes ou r\u00e9sistance \u00e0 l\u2019autorit\u00e9, notamment en contexte touristique.<\/p><p>Arrestations dans les a\u00e9roports espagnols ou aux fronti\u00e8res<\/p><p>Possession de drogues, documents irr\u00e9guliers ou poursuites judiciaires actives.<\/p>\t\t\t\t\t<\/div>\n\t\t\t\t\t\t<\/div>\n\t\t\t\t<\/div>\n\t\t\t\t<div class=\"elementor-element elementor-element-4e58cc2 elementor-widget elementor-widget-heading\" data-id=\"4e58cc2\" data-element_type=\"widget\" data-widget_type=\"heading.default\">\n\t\t\t\t<div class=\"elementor-widget-container\">\n\t\t\t<h3 class=\"elementor-heading-title elementor-size-default\">Mandats d\u2019arr\u00eat et de remise europ\u00e9ens (MARE)<\/h3>\t\t<\/div>\n\t\t\t\t<\/div>\n\t\t\t\t<div class=\"elementor-element elementor-element-8367387 elementor-widget elementor-widget-text-editor\" data-id=\"8367387\" data-element_type=\"widget\" data-widget_type=\"text-editor.default\">\n\t\t\t\t<div class=\"elementor-widget-container\">\n\t\t\t\t\t\t\t\t<div class=\"elementor-text-editor elementor-clearfix\">\n\t\t\t\t<p>Ex\u00e9cution et contestation des mandats \u00e9mis par les tribunaux espagnols contre des citoyens europ\u00e9ens.<\/p>\t\t\t\t\t<\/div>\n\t\t\t\t\t\t<\/div>\n\t\t\t\t<\/div>\n\t\t\t\t\t\t<\/div>\n\t\t\t\t\t<\/div>\n\t\t<\/div>\n\t\t\t\t\t\t\t\t<\/div>\n\t\t\t\t\t<\/div>\n\t\t<\/section>\n\t\t\t\t<section class=\"elementor-section elementor-top-section elementor-element elementor-element-b39d5c6 elementor-section-stretched elementor-section-content-middle elementor-section-boxed elementor-section-height-default elementor-section-height-default\" data-id=\"b39d5c6\" data-element_type=\"section\" data-settings=\"{&quot;stretch_section&quot;:&quot;section-stretched&quot;}\">\n\t\t\t\t\t\t<div class=\"elementor-container elementor-column-gap-default\">\n\t\t\t\t\t\t\t<div class=\"elementor-row\">\n\t\t\t\t\t<div class=\"elementor-column elementor-col-50 elementor-top-column elementor-element elementor-element-3efd80e\" data-id=\"3efd80e\" data-element_type=\"column\">\n\t\t\t<div class=\"elementor-column-wrap elementor-element-populated\">\n\t\t\t\t\t\t\t<div class=\"elementor-widget-wrap\">\n\t\t\t\t\t\t<div class=\"elementor-element elementor-element-3bb3436 elementor-widget elementor-widget-heading\" data-id=\"3bb3436\" data-element_type=\"widget\" data-widget_type=\"heading.default\">\n\t\t\t\t<div class=\"elementor-widget-container\">\n\t\t\t<h2 class=\"elementor-heading-title elementor-size-default\">Services que comprend notre d\u00e9fense p\u00e9nale en Espagne<\/h2>\t\t<\/div>\n\t\t\t\t<\/div>\n\t\t\t\t<div class=\"elementor-element elementor-element-41be788 elementor-widget elementor-widget-text-editor\" data-id=\"41be788\" data-element_type=\"widget\" data-widget_type=\"text-editor.default\">\n\t\t\t\t<div class=\"elementor-widget-container\">\n\t\t\t\t\t\t\t\t<div class=\"elementor-text-editor elementor-clearfix\">\n\t\t\t\t<p>\u2022 Analyse de la situation proc\u00e9durale et \u00e9laboration de la strat\u00e9gie juridique<br \/>\u2022 Assistance urgente en cas d\u2019arrestation ou d\u2019interrogatoire judiciaire<br \/>\u2022 Coordination avec les proches et les avocats locaux du pays de r\u00e9sidence<br \/>\u2022 Communication continue et multilingue tout au long de la proc\u00e9dure<br \/>\u2022 R\u00e9vision du casier judiciaire et radiation une fois le proc\u00e9d\u00e9 termin\u00e9<\/p>\t\t\t\t\t<\/div>\n\t\t\t\t\t\t<\/div>\n\t\t\t\t<\/div>\n\t\t\t\t\t\t<\/div>\n\t\t\t\t\t<\/div>\n\t\t<\/div>\n\t\t\t\t<div class=\"elementor-column elementor-col-50 elementor-top-column elementor-element elementor-element-a1dc95b\" data-id=\"a1dc95b\" data-element_type=\"column\">\n\t\t\t<div class=\"elementor-column-wrap elementor-element-populated\">\n\t\t\t\t\t\t\t<div class=\"elementor-widget-wrap\">\n\t\t\t\t\t\t<div class=\"elementor-element elementor-element-b3812ca elementor-widget elementor-widget-image\" data-id=\"b3812ca\" data-element_type=\"widget\" data-widget_type=\"image.default\">\n\t\t\t\t<div class=\"elementor-widget-container\">\n\t\t\t\t\t\t\t\t<div class=\"elementor-image\">\n\t\t\t\t\t\t\t\t\t\t\t\t<img loading=\"lazy\" decoding=\"async\" width=\"1024\" height=\"660\" src=\"https:\/\/abogados-penalistas-granda.com\/wp-content\/uploads\/2025\/10\/europa-abogado-penalista_-1024x660.webp\" class=\"attachment-large size-large wp-image-9474\" alt=\"Avocat p\u00e9naliste pour r\u00e9sidents europ\u00e9ens 2\" srcset=\"https:\/\/abogados-penalistas-granda.com\/wp-content\/uploads\/2025\/10\/europa-abogado-penalista_-1024x660.webp 1024w, https:\/\/abogados-penalistas-granda.com\/wp-content\/uploads\/2025\/10\/europa-abogado-penalista_-300x193.webp 300w, https:\/\/abogados-penalistas-granda.com\/wp-content\/uploads\/2025\/10\/europa-abogado-penalista_-768x495.webp 768w, https:\/\/abogados-penalistas-granda.com\/wp-content\/uploads\/2025\/10\/europa-abogado-penalista_-1536x990.webp 1536w, https:\/\/abogados-penalistas-granda.com\/wp-content\/uploads\/2025\/10\/europa-abogado-penalista_-100x64.webp 100w, https:\/\/abogados-penalistas-granda.com\/wp-content\/uploads\/2025\/10\/europa-abogado-penalista_-600x387.webp 600w, https:\/\/abogados-penalistas-granda.com\/wp-content\/uploads\/2025\/10\/europa-abogado-penalista_.webp 1599w\" sizes=\"auto, (max-width: 1024px) 100vw, 1024px\" \/>\t\t\t\t\t\t\t\t\t\t\t\t\t\t<\/div>\n\t\t\t\t\t\t<\/div>\n\t\t\t\t<\/div>\n\t\t\t\t\t\t<\/div>\n\t\t\t\t\t<\/div>\n\t\t<\/div>\n\t\t\t\t\t\t\t\t<\/div>\n\t\t\t\t\t<\/div>\n\t\t<\/section>\n\t\t\t\t<section class=\"elementor-section elementor-top-section elementor-element elementor-element-f1cb5f7 elementor-section-stretched elementor-section-content-middle elementor-section-boxed elementor-section-height-default elementor-section-height-default\" data-id=\"f1cb5f7\" data-element_type=\"section\" data-settings=\"{&quot;stretch_section&quot;:&quot;section-stretched&quot;}\">\n\t\t\t\t\t\t<div class=\"elementor-container elementor-column-gap-default\">\n\t\t\t\t\t\t\t<div class=\"elementor-row\">\n\t\t\t\t\t<div class=\"elementor-column elementor-col-100 elementor-top-column elementor-element elementor-element-03a427a\" data-id=\"03a427a\" data-element_type=\"column\">\n\t\t\t<div class=\"elementor-column-wrap elementor-element-populated\">\n\t\t\t\t\t\t\t<div class=\"elementor-widget-wrap\">\n\t\t\t\t\t\t<div class=\"elementor-element elementor-element-fe81d72 elementor-widget elementor-widget-heading\" data-id=\"fe81d72\" data-element_type=\"widget\" data-widget_type=\"heading.default\">\n\t\t\t\t<div class=\"elementor-widget-container\">\n\t\t\t<h2 class=\"elementor-heading-title elementor-size-default\">Pourquoi choisir Granda Abogados si vous \u00eates un citoyen europ\u00e9en avec une affaire p\u00e9nale en Espagne<\/h2>\t\t<\/div>\n\t\t\t\t<\/div>\n\t\t\t\t<div class=\"elementor-element elementor-element-570f875 elementor-widget elementor-widget-text-editor\" data-id=\"570f875\" data-element_type=\"widget\" data-widget_type=\"text-editor.default\">\n\t\t\t\t<div class=\"elementor-widget-container\">\n\t\t\t\t\t\t\t\t<div class=\"elementor-text-editor elementor-clearfix\">\n\t\t\t\t<ul>\n<li>Cabinet espagnol \u00e0 projection internationale<\/li>\n<li>Sp\u00e9cialisation en infractions d\u2019agression sexuelle, \u00e9conomiques et fiscales<\/li>\n<li>Plus de 30 ans d\u2019exp\u00e9rience en droit p\u00e9nal espagnol<\/li>\n<li>Communication fluide dans plusieurs langues<\/li>\n<li>D\u00e9fense juridique agile, technique et strat\u00e9gique<\/li>\n<\/ul>\n<p>Notre \u00e9quipe comprend les cons\u00e9quences personnelles, juridiques et r\u00e9putationnelles qu\u2019implique une proc\u00e9dure p\u00e9nale dans un autre pays. C\u2019est pourquoi nous garantissons une d\u00e9fense solide, imm\u00e9diate et pleinement coordonn\u00e9e depuis l\u2019Espagne.<\/p>\t\t\t\t\t<\/div>\n\t\t\t\t\t\t<\/div>\n\t\t\t\t<\/div>\n\t\t\t\t\t\t<\/div>\n\t\t\t\t\t<\/div>\n\t\t<\/div>\n\t\t\t\t\t\t\t\t<\/div>\n\t\t\t\t\t<\/div>\n\t\t<\/section>\n\t\t\t\t<section class=\"elementor-section elementor-top-section elementor-element elementor-element-d13e4c5 elementor-section-stretched elementor-section-content-top elementor-section-boxed elementor-section-height-default elementor-section-height-default\" data-id=\"d13e4c5\" data-element_type=\"section\" data-settings=\"{&quot;stretch_section&quot;:&quot;section-stretched&quot;}\">\n\t\t\t\t\t\t<div class=\"elementor-container elementor-column-gap-default\">\n\t\t\t\t\t\t\t<div class=\"elementor-row\">\n\t\t\t\t\t<div class=\"elementor-column elementor-col-100 elementor-top-column elementor-element elementor-element-f577248\" data-id=\"f577248\" data-element_type=\"column\">\n\t\t\t<div class=\"elementor-column-wrap elementor-element-populated\">\n\t\t\t\t\t\t\t<div class=\"elementor-widget-wrap\">\n\t\t\t\t\t\t<div class=\"elementor-element elementor-element-a217610 elementor-widget elementor-widget-heading\" data-id=\"a217610\" data-element_type=\"widget\" data-widget_type=\"heading.default\">\n\t\t\t\t<div class=\"elementor-widget-container\">\n\t\t\t<h2 class=\"elementor-heading-title elementor-size-default\">Contactez votre avocat p\u00e9naliste en Espagne<\/h2>\t\t<\/div>\n\t\t\t\t<\/div>\n\t\t\t\t<div class=\"elementor-element elementor-element-c3dc892 elementor-widget elementor-widget-text-editor\" data-id=\"c3dc892\" data-element_type=\"widget\" data-widget_type=\"text-editor.default\">\n\t\t\t\t<div class=\"elementor-widget-container\">\n\t\t\t\t\t\t\t\t<div class=\"elementor-text-editor elementor-clearfix\">\n\t\t\t\t<p>Si vous \u00eates citoyen europ\u00e9en et avez une proc\u00e9dure p\u00e9nale en Espagne, contactez d\u00e8s aujourd\u2019hui Granda Abogados.<\/p><p>Nous vous offrirons une \u00e9valuation confidentielle de votre dossier, une strat\u00e9gie de d\u00e9fense adapt\u00e9e et une assistance juridique sur tout le territoire espagnol.<\/p><p>Si\u00e8ge \u00e0 Madrid \u2013 Intervention sur tout le territoire national.<br \/>Consultation imm\u00e9diate et confidentielle.<\/p>\t\t\t\t\t<\/div>\n\t\t\t\t\t\t<\/div>\n\t\t\t\t<\/div>\n\t\t\t\t\t\t<\/div>\n\t\t\t\t\t<\/div>\n\t\t<\/div>\n\t\t\t\t\t\t\t\t<\/div>\n\t\t\t\t\t<\/div>\n\t\t<\/section>\n\t\t\t\t\t\t\t\t\t<\/div>\n\t\t\t<\/div>\n\t\t\t\t\t<\/div>\n\t\t","protected":false},"excerpt":{"rendered":"<p>D\u00e9fense p\u00e9nale en espagne pour r\u00e9sidents en Europe Si vous \u00eates un citoyen de l\u2019Union europ\u00e9enne faisant l\u2019objet d\u2019une enqu\u00eate ou de poursuites en Espagne, vous avez besoin d\u2019avocats p\u00e9nalistes exp\u00e9riment\u00e9s qui comprennent \u00e0 la fois les syst\u00e8mes judiciaires espagnol et europ\u00e9en. Chez Granda Abogados, nous offrons une d\u00e9fense p\u00e9nale technique et strat\u00e9gique \u00e0 des &#8230; <a title=\"Avocat p\u00e9naliste pour r\u00e9sidents europ\u00e9ens\" class=\"read-more\" href=\"https:\/\/abogados-penalistas-granda.com\/fr\/avocat-penaliste-pour-residents-europeens\/\" aria-label=\"More on Avocat p\u00e9naliste pour r\u00e9sidents europ\u00e9ens\">Lire plus<\/a><\/p>\n","protected":false},"author":5,"featured_media":0,"parent":0,"menu_order":0,"comment_status":"closed","ping_status":"closed","template":"elementor_header_footer","meta":{"footnotes":""},"class_list":["post-9764","page","type-page","status-publish"],"yoast_head":"<!-- This site is optimized with the Yoast SEO Premium plugin v15.0 - https:\/\/yoast.com\/wordpress\/plugins\/seo\/ -->\n<title>Avocat p\u00e9naliste pour r\u00e9sidents europ\u00e9ens &gt; Abogados Penalistas Granda<\/title>\n<meta name=\"description\" content=\"Chez Granda Abogados, nous conseillons en droit p\u00e9nal dans toute l\u2019Europe, en repr\u00e9sentant des citoyens espagnols ou \u00e9trangers.\" \/>\n<meta name=\"robots\" content=\"index, follow, max-snippet:-1, max-image-preview:large, max-video-preview:-1\" \/>\n<link rel=\"canonical\" href=\"https:\/\/abogados-penalistas-granda.com\/fr\/avocat-penaliste-pour-residents-europeens\/\" \/>\n<meta property=\"og:locale\" content=\"fr_FR\" \/>\n<meta property=\"og:type\" content=\"article\" \/>\n<meta property=\"og:title\" content=\"Avocat p\u00e9naliste pour r\u00e9sidents europ\u00e9ens &gt; Abogados Penalistas Granda\" \/>\n<meta property=\"og:description\" content=\"Chez Granda Abogados, nous conseillons en droit p\u00e9nal dans toute l\u2019Europe, en repr\u00e9sentant des citoyens espagnols ou \u00e9trangers.\" \/>\n<meta property=\"og:url\" content=\"https:\/\/abogados-penalistas-granda.com\/fr\/avocat-penaliste-pour-residents-europeens\/\" \/>\n<meta property=\"og:site_name\" content=\"Abogados Penalistas Granda\" \/>\n<meta property=\"article:modified_time\" content=\"2026-03-16T08:40:35+00:00\" \/>\n<meta property=\"og:image\" content=\"https:\/\/abogados-penalistas-granda.com\/wp-content\/uploads\/2025\/10\/europa-abogado-penalista-1024x660.webp\" \/>\n<meta name=\"twitter:card\" content=\"summary_large_image\" \/>\n<script type=\"application\/ld+json\" class=\"yoast-schema-graph\">{\"@context\":\"https:\/\/schema.org\",\"@graph\":[{\"@type\":\"Organization\",\"@id\":\"https:\/\/abogados-penalistas-granda.com\/fr\/#organization\",\"name\":\"Granda & Asociados abogados penalistas\",\"url\":\"https:\/\/abogados-penalistas-granda.com\/fr\/\",\"sameAs\":[],\"logo\":{\"@type\":\"ImageObject\",\"@id\":\"https:\/\/abogados-penalistas-granda.com\/fr\/#logo\",\"inLanguage\":\"fr-FR\",\"url\":\"https:\/\/abogados-penalistas-granda.com\/wp-content\/uploads\/2021\/07\/granda-logo.png\",\"width\":1124,\"height\":803,\"caption\":\"Granda & Asociados abogados penalistas\"},\"image\":{\"@id\":\"https:\/\/abogados-penalistas-granda.com\/fr\/#logo\"}},{\"@type\":\"WebSite\",\"@id\":\"https:\/\/abogados-penalistas-granda.com\/fr\/#website\",\"url\":\"https:\/\/abogados-penalistas-granda.com\/fr\/\",\"name\":\"Abogados Penalistas Granda\",\"description\":\"Abogados defensores y acusaci\\u00f3n particular en italiano, ingl\\u00e9s, franc\\u00e9s y espa\\u00f1ol para todo tipo de delitos\",\"publisher\":{\"@id\":\"https:\/\/abogados-penalistas-granda.com\/fr\/#organization\"},\"potentialAction\":[{\"@type\":\"SearchAction\",\"target\":\"https:\/\/abogados-penalistas-granda.com\/fr\/?s={search_term_string}\",\"query-input\":\"required name=search_term_string\"}],\"inLanguage\":\"fr-FR\"},{\"@type\":\"ImageObject\",\"@id\":\"https:\/\/abogados-penalistas-granda.com\/fr\/avocat-penaliste-pour-residents-europeens\/#primaryimage\",\"inLanguage\":\"fr-FR\",\"url\":\"https:\/\/abogados-penalistas-granda.com\/wp-content\/uploads\/2025\/10\/europa-abogado-penalista-1024x660.webp\"},{\"@type\":\"WebPage\",\"@id\":\"https:\/\/abogados-penalistas-granda.com\/fr\/avocat-penaliste-pour-residents-europeens\/#webpage\",\"url\":\"https:\/\/abogados-penalistas-granda.com\/fr\/avocat-penaliste-pour-residents-europeens\/\",\"name\":\"Avocat p\\u00e9naliste pour r\\u00e9sidents europ\\u00e9ens &gt; Abogados Penalistas Granda\",\"isPartOf\":{\"@id\":\"https:\/\/abogados-penalistas-granda.com\/fr\/#website\"},\"primaryImageOfPage\":{\"@id\":\"https:\/\/abogados-penalistas-granda.com\/fr\/avocat-penaliste-pour-residents-europeens\/#primaryimage\"},\"datePublished\":\"2026-03-11T09:26:46+00:00\",\"dateModified\":\"2026-03-16T08:40:35+00:00\",\"description\":\"Chez Granda Abogados, nous conseillons en droit p\\u00e9nal dans toute l\\u2019Europe, en repr\\u00e9sentant des citoyens espagnols ou \\u00e9trangers.\",\"breadcrumb\":{\"@id\":\"https:\/\/abogados-penalistas-granda.com\/fr\/avocat-penaliste-pour-residents-europeens\/#breadcrumb\"},\"inLanguage\":\"fr-FR\",\"potentialAction\":[{\"@type\":\"ReadAction\",\"target\":[\"https:\/\/abogados-penalistas-granda.com\/fr\/avocat-penaliste-pour-residents-europeens\/\"]}]},{\"@type\":\"BreadcrumbList\",\"@id\":\"https:\/\/abogados-penalistas-granda.com\/fr\/avocat-penaliste-pour-residents-europeens\/#breadcrumb\",\"itemListElement\":[{\"@type\":\"ListItem\",\"position\":1,\"item\":{\"@type\":\"WebPage\",\"@id\":\"https:\/\/abogados-penalistas-granda.com\/fr\/\",\"url\":\"https:\/\/abogados-penalistas-granda.com\/fr\/\",\"name\":\"Granda y Asociados\"}},{\"@type\":\"ListItem\",\"position\":2,\"item\":{\"@type\":\"WebPage\",\"@id\":\"https:\/\/abogados-penalistas-granda.com\/fr\/avocat-penaliste-pour-residents-europeens\/\",\"url\":\"https:\/\/abogados-penalistas-granda.com\/fr\/avocat-penaliste-pour-residents-europeens\/\",\"name\":\"Avocat p\\u00e9naliste pour r\\u00e9sidents europ\\u00e9ens\"}}]}]}<\/script>\n<!-- \/ Yoast SEO Premium plugin. -->","_links":{"self":[{"href":"https:\/\/abogados-penalistas-granda.com\/fr\/wp-json\/wp\/v2\/pages\/9764","targetHints":{"allow":["GET"]}}],"collection":[{"href":"https:\/\/abogados-penalistas-granda.com\/fr\/wp-json\/wp\/v2\/pages"}],"about":[{"href":"https:\/\/abogados-penalistas-granda.com\/fr\/wp-json\/wp\/v2\/types\/page"}],"author":[{"embeddable":true,"href":"https:\/\/abogados-penalistas-granda.com\/fr\/wp-json\/wp\/v2\/users\/5"}],"replies":[{"embeddable":true,"href":"https:\/\/abogados-penalistas-granda.com\/fr\/wp-json\/wp\/v2\/comments?post=9764"}],"version-history":[{"count":30,"href":"https:\/\/abogados-penalistas-granda.com\/fr\/wp-json\/wp\/v2\/pages\/9764\/revisions"}],"predecessor-version":[{"id":10065,"href":"https:\/\/abogados-penalistas-granda.com\/fr\/wp-json\/wp\/v2\/pages\/9764\/revisions\/10065"}],"wp:attachment":[{"href":"https:\/\/abogados-penalistas-granda.com\/fr\/wp-json\/wp\/v2\/media?parent=9764"}],"curies":[{"name":"wp","href":"https:\/\/api.w.org\/{rel}","templated":true}]}}